{"id":22764,"date":"2017-05-15T23:16:00","date_gmt":"2017-05-15T23:16:00","guid":{"rendered":"http:\/\/maximegoulet.com\/?page_id=22764\/"},"modified":"2024-03-28T21:40:07","modified_gmt":"2024-03-28T21:40:07","slug":"discographie","status":"publish","type":"page","link":"https:\/\/maximegoulet.com\/fr\/discographie\/","title":{"rendered":"Discographie"},"content":{"rendered":"[vc_row row_type=\u00a0\u00bbrow\u00a0\u00bb use_row_as_full_screen_section=\u00a0\u00bbno\u00a0\u00bb type=\u00a0\u00bbfull_width\u00a0\u00bb text_align=\u00a0\u00bbleft\u00a0\u00bb background_animation=\u00a0\u00bbnone\u00a0\u00bb][vc_column][vc_column_text css=\u00a0\u00bb.vc_custom_1494891445893{padding-top: 25px !important;padding-right: 25px !important;padding-bottom: 25px !important;padding-left: 25px !important;background-color: #f1f1f1 !important;}\u00a0\u00bb]\n<h2>Discographie<\/h2>\n<p>Les compositions de Maxime Goulet ont \u00e9t\u00e9 enregistr\u00e9es et publi\u00e9es par divers ensemble, allant de la musique symphonique \u00e0 la musique de chambre.[\/vc_column_text][vc_empty_space][\/vc_column][\/vc_row][vc_row row_type=\u00a0\u00bbrow\u00a0\u00bb use_row_as_full_screen_section=\u00a0\u00bbno\u00a0\u00bb type=\u00a0\u00bbfull_width\u00a0\u00bb text_align=\u00a0\u00bbleft\u00a0\u00bb background_animation=\u00a0\u00bbnone\u00a0\u00bb][vc_column width=\u00a0\u00bb1\/4&Prime;][vc_single_image image=\u00a0\u00bb25478&Prime; img_size=\u00a0\u00bbfull\u00a0\u00bb alignment=\u00a0\u00bbcenter\u00a0\u00bb onclick=\u00a0\u00bbcustom_link\u00a0\u00bb img_link_target=\u00a0\u00bb_blank\u00a0\u00bb qode_css_animation=\u00a0\u00bb\u00a0\u00bb link=\u00a0\u00bbhttps:\/\/atmaclassique.com\/produit\/symphonie-de-la-tempete-de-verglas\/\u00a0\u00bb][\/vc_column][vc_column width=\u00a0\u00bb3\/4&Prime;][vc_column_text]\n<h3>Orchestre classique de Montr\u00e9al<br \/>\n<em>Maxime Goulet: Symphonie de la temp\u00eate de verglas<\/em><\/h3>\n<p>L&rsquo;album <a href=\"https:\/\/atmaclassique.com\/produit\/symphonie-de-la-tempete-de-verglas\/\" target=\"_blank\" rel=\"noopener noreferrer\">Maxime Goulet: Symphonie de la temp\u00eate de verglas<\/a> a \u00e9t\u00e9 enregistr\u00e9 par l&rsquo;<a href=\"https:\/\/orchestre.ca\/\" target=\"_blank\" rel=\"noopener noreferrer\">Orchestre classique de Montr\u00e9al<\/a> et le chef <a href=\"http:\/\/www.jacqueslacombe.com\/\" target=\"_blank\" rel=\"noopener noreferrer\">Jacques Lacombe<\/a> et le clarinettiste <a href=\"https:\/\/kornelwolak.com\/\" target=\"_blank\" rel=\"noopener noreferrer\">Kornel Wolak<\/a>. Il comprend trois oeuvres compos\u00e9es par Maxime Goulet: <a href=\"\/fr\/symphonie-de-la-tempete-de-verglas\/\" target=\"_blank\" rel=\"noopener noreferrer\">Symphonie de la temp\u00eate de verglas<\/a>, <a href=\"\/fr\/toute-une-journee\/\" target=\"_blank\" rel=\"noopener noreferrer\">Toute une journ\u00e9e<\/a> et <a href=\"\/fr\/histoire-de-peche\/\" target=\"_blank\" rel=\"noopener noreferrer\">Histoire de p\u00eache<\/a>. L&rsquo;album a \u00e9t\u00e9 publi\u00e9 en janvier 2023, par <a href=\"https:\/\/atmaclassique.com\/\" target=\"_blank\" rel=\"noopener noreferrer\">ATMA Classique<\/a> pour comm\u00e9morer le 25 anniversaire de la temp\u00eate de verglas historique de 1998, au Canada. L&rsquo;album a gagn\u00e9 le <a href=\"https:\/\/junoawards.ca\/\" target=\"_blank\" rel=\"noopener noreferrer\">Prix Juno<\/a> \u00ab\u00a0<a href=\"https:\/\/junoawards.ca\/nomination\/2024-classical-album-of-the-year-large-ensemble-orchestre-classique-de-montreal-conducted-by-dirige-par-jacques-lacombe\/\" target=\"_blank\" rel=\"noopener noreferrer\">Best Classical Album (Large Ensemble)<\/a> \u00bb, 2024 et \u00e9t\u00e9 finaliste pour le <a href=\"https:\/\/prixopus.com\/\" target=\"_blank\" rel=\"noopener noreferrer\">Prix Opus<\/a>\u00a0\u00ab\u00a0<a href=\"https:\/\/prixopus.com\/finalistes\/3-3-symphonie-de-la-tempete-de-verglas\/\" target=\"_blank\" rel=\"noopener noreferrer\">Album de l\u2019ann\u00e9e musique moderne, contemporaine<\/a> \u00bb, 2024.<\/p>\n<p>L&rsquo;album est disponible sur <a href=\"https:\/\/atmaclassique.com\/produit\/symphonie-de-la-tempete-de-verglas\/\" target=\"_blank\" rel=\"noopener noreferrer\">ATMAclassique.com<\/a> et sur toutes les <a href=\"https:\/\/maximegoulet-ocm.lnk.tt\/SymphonieVerglas\" target=\"_blank\" rel=\"noopener noreferrer\">plateformes d&rsquo;\u00e9coute et de t\u00e9l\u00e9chargement<\/a>.[\/vc_column_text][\/vc_column][\/vc_row][vc_row row_type=\u00a0\u00bbrow\u00a0\u00bb use_row_as_full_screen_section=\u00a0\u00bbno\u00a0\u00bb type=\u00a0\u00bbfull_width\u00a0\u00bb text_align=\u00a0\u00bbleft\u00a0\u00bb background_animation=\u00a0\u00bbnone\u00a0\u00bb][vc_column][vc_empty_space height=\u00a0\u00bb10px\u00a0\u00bb][vc_separator type=\u00a0\u00bbnormal\u00a0\u00bb border_style=\u00a0\u00bb\u00a0\u00bb][vc_empty_space height=\u00a0\u00bb10px\u00a0\u00bb][\/vc_column][\/vc_row][vc_row row_type=\u00a0\u00bbrow\u00a0\u00bb use_row_as_full_screen_section=\u00a0\u00bbno\u00a0\u00bb type=\u00a0\u00bbfull_width\u00a0\u00bb text_align=\u00a0\u00bbleft\u00a0\u00bb background_animation=\u00a0\u00bbnone\u00a0\u00bb][vc_column width=\u00a0\u00bb1\/4&Prime;][vc_single_image image=\u00a0\u00bb22762&Prime; img_size=\u00a0\u00bbfull\u00a0\u00bb alignment=\u00a0\u00bbcenter\u00a0\u00bb onclick=\u00a0\u00bbcustom_link\u00a0\u00bb img_link_target=\u00a0\u00bb_blank\u00a0\u00bb qode_css_animation=\u00a0\u00bb\u00a0\u00bb link=\u00a0\u00bbhttp:\/\/symphonicchocolates.com\/disque\/\u00a0\u00bb][\/vc_column][vc_column width=\u00a0\u00bb3\/4&Prime;][vc_column_text]\n<h3>Prague FILMharmonic Orchestra<br \/>\n<em>Chocolats symphoniques<\/em><\/h3>\n<p>La suite orchestrale <a href=\"\/fr\/chocolats-symphoniques\/\">Chocolats symphoniques<\/a>, enregistr\u00e9e par le\u00a0<a href=\"http:\/\/www.musa.cz\/filmharmonic-orchestra.htm\" target=\"_blank\" rel=\"noopener noreferrer\">Prague FILMharmonic Orchestra<\/a>, sous la direction de\u00a0maestro <a href=\"http:\/\/www.adamklemens.cz\/\" target=\"_blank\" rel=\"noopener noreferrer\">Adam Klemens<\/a>, figure sur l&rsquo;album\u00a0<a href=\"http:\/\/chocolatssymphoniques.com\/disque\/\" target=\"_blank\" rel=\"noopener noreferrer\">Chocolats symphoniques<\/a>, publi\u00e9\u00a0en 2014. L&rsquo;album comprend \u00e9galement d&rsquo;autres oeuvres du compositeur Maxime Goulet, dont des extraits de <a href=\"\/fr\/le-diable-fileur-de-laine\/\">Le diable fileur de laine<\/a>, <a href=\"\/fr\/sur-la-corde-raide\/\">Sur la corde raide<\/a>, <a href=\"\/fr\/aquarelle\/\">Aquarelle<\/a> et la trame sonore du film <a href=\"\/fr\/21\/\">21<\/a>.<\/p>\n<p>L&rsquo;album est disponible pour \u00e9coute sur <a href=\"https:\/\/open.spotify.com\/album\/4FXwN3IWjPbQM1l4DoozOo?si=xeM5ajcfQoKZAY_WOAnZQw\" target=\"_blank\" rel=\"noopener noreferrer\">Sptify<\/a> et pour t\u00e9l\u00e9chargement sur <a href=\"https:\/\/music.apple.com\/ca\/album\/maxime-goulet-chocolats-symphoniques\/1468363412\" target=\"_blank\" rel=\"noopener noreferrer\">iTunes<\/a> et\u00a0<a href=\"https:\/\/store.cdbaby.com\/cd\/maximegoulet\" target=\"_blank\" rel=\"noopener noreferrer\">CD Baby<\/a>.[\/vc_column_text][\/vc_column][\/vc_row][vc_row row_type=\u00a0\u00bbrow\u00a0\u00bb use_row_as_full_screen_section=\u00a0\u00bbno\u00a0\u00bb type=\u00a0\u00bbfull_width\u00a0\u00bb text_align=\u00a0\u00bbleft\u00a0\u00bb background_animation=\u00a0\u00bbnone\u00a0\u00bb][vc_column][vc_empty_space height=\u00a0\u00bb10px\u00a0\u00bb][vc_separator type=\u00a0\u00bbnormal\u00a0\u00bb border_style=\u00a0\u00bb\u00a0\u00bb][vc_empty_space height=\u00a0\u00bb10px\u00a0\u00bb][\/vc_column][\/vc_row][vc_row row_type=\u00a0\u00bbrow\u00a0\u00bb use_row_as_full_screen_section=\u00a0\u00bbno\u00a0\u00bb type=\u00a0\u00bbfull_width\u00a0\u00bb text_align=\u00a0\u00bbleft\u00a0\u00bb background_animation=\u00a0\u00bbnone\u00a0\u00bb][vc_column width=\u00a0\u00bb1\/4&Prime;][vc_single_image image=\u00a0\u00bb23785&Prime; img_size=\u00a0\u00bbfull\u00a0\u00bb alignment=\u00a0\u00bbcenter\u00a0\u00bb onclick=\u00a0\u00bbcustom_link\u00a0\u00bb img_link_target=\u00a0\u00bb_blank\u00a0\u00bb qode_css_animation=\u00a0\u00bb\u00a0\u00bb link=\u00a0\u00bbhttps:\/\/soundcloud.com\/torontosymphony\/sets\/sesquies\u00a0\u00bb][\/vc_column][vc_column width=\u00a0\u00bb3\/4&Prime;][vc_column_text]\n<h3>Orchestre symphonique de\u00a0Toronto<br \/>\n<em>Mosa\u00efque Canadienne &#8211; Sesquies<\/em><\/h3>\n<p>Le mashup orchestral <a href=\"\/fr\/hymnes-unis\/\">Hymnes unis<\/a> figure sur l&rsquo;album <a href=\"https:\/\/soundcloud.com\/torontosymphony\/sets\/sesquies\" target=\"_blank\" rel=\"noopener noreferrer\">Mosa\u00efque canadienne &#8211; Sesquies<\/a> de l&rsquo;<a href=\"https:\/\/www.tso.ca\/\" target=\"_blank\" rel=\"noopener noreferrer\">Orchestre symphonique de Toronto<\/a>, sous la direction de Peter Oundjian, publi\u00e9 en 2018.[\/vc_column_text][\/vc_column][\/vc_row][vc_row row_type=\u00a0\u00bbrow\u00a0\u00bb use_row_as_full_screen_section=\u00a0\u00bbno\u00a0\u00bb type=\u00a0\u00bbfull_width\u00a0\u00bb text_align=\u00a0\u00bbleft\u00a0\u00bb background_animation=\u00a0\u00bbnone\u00a0\u00bb][vc_column][vc_empty_space height=\u00a0\u00bb10px\u00a0\u00bb][vc_separator type=\u00a0\u00bbnormal\u00a0\u00bb border_style=\u00a0\u00bb\u00a0\u00bb][vc_empty_space height=\u00a0\u00bb10px\u00a0\u00bb][\/vc_column][\/vc_row][vc_row row_type=\u00a0\u00bbrow\u00a0\u00bb use_row_as_full_screen_section=\u00a0\u00bbno\u00a0\u00bb type=\u00a0\u00bbfull_width\u00a0\u00bb text_align=\u00a0\u00bbleft\u00a0\u00bb background_animation=\u00a0\u00bbnone\u00a0\u00bb][vc_column width=\u00a0\u00bb1\/4&Prime;][vc_single_image image=\u00a0\u00bb22761&Prime; img_size=\u00a0\u00bbfull\u00a0\u00bb alignment=\u00a0\u00bbcenter\u00a0\u00bb onclick=\u00a0\u00bbcustom_link\u00a0\u00bb img_link_target=\u00a0\u00bb_blank\u00a0\u00bb qode_css_animation=\u00a0\u00bb\u00a0\u00bb link=\u00a0\u00bbhttps:\/\/itunes.apple.com\/ca\/album\/au-grand-orgue-pierre-b%C3%A9ique\/id1235695698?l=fr\u00a0\u00bb][\/vc_column][vc_column width=\u00a0\u00bb3\/4&Prime;][vc_column_text]\n<h3>Jean-Willy Kunz<br \/>\n<em>Au grand orgue Pierre-B\u00e9ique<\/em><\/h3>\n<p>La version pour orgue de l&rsquo;ouverture olympique <a href=\"\/fr\/citius-altius-fortius\/\">Citius, altius, fortius!<\/a> figure sur l&rsquo;album\u00a0<a href=\"https:\/\/itunes.apple.com\/ca\/album\/au-grand-orgue-pierre-b%C3%A9ique\/id1235695698?l=fr\" target=\"_blank\" rel=\"noopener noreferrer\">Jean-Willy Kunz Au grand orgue Pierre-B\u00e9ique<\/a>, publi\u00e9 chez <a href=\"https:\/\/www.atmaclassique.com\/\" target=\"_blank\" rel=\"noopener noreferrer\">ATMA Classique<\/a>, en 2017.<\/p>\n<p>L&rsquo;album est disponible pour \u00e9coute\u00a0sur\u00a0<a href=\"https:\/\/open.spotify.com\/album\/2myLnPha5Z6L5G9LCtjrBO?si=0pdjHg7sT_aNzwHw37wdwg\" target=\"_blank\" rel=\"noopener noreferrer\">Spotify<\/a>\u00a0et est disponible pour t\u00e9l\u00e9chargement sur\u00a0<a href=\"https:\/\/music.apple.com\/ca\/album\/au-grand-orgue-pierre-b%C3%A9ique\/1235695698\" target=\"_blank\" rel=\"noopener noreferrer\">iTunes<\/a>.[\/vc_column_text][\/vc_column][\/vc_row][vc_row row_type=\u00a0\u00bbrow\u00a0\u00bb use_row_as_full_screen_section=\u00a0\u00bbno\u00a0\u00bb type=\u00a0\u00bbfull_width\u00a0\u00bb text_align=\u00a0\u00bbleft\u00a0\u00bb background_animation=\u00a0\u00bbnone\u00a0\u00bb][vc_column][vc_empty_space height=\u00a0\u00bb10px\u00a0\u00bb][vc_separator type=\u00a0\u00bbnormal\u00a0\u00bb border_style=\u00a0\u00bb\u00a0\u00bb][vc_empty_space height=\u00a0\u00bb10px\u00a0\u00bb][\/vc_column][\/vc_row][vc_row row_type=\u00a0\u00bbrow\u00a0\u00bb use_row_as_full_screen_section=\u00a0\u00bbno\u00a0\u00bb type=\u00a0\u00bbfull_width\u00a0\u00bb text_align=\u00a0\u00bbleft\u00a0\u00bb background_animation=\u00a0\u00bbnone\u00a0\u00bb][vc_column width=\u00a0\u00bb1\/4&Prime;][vc_single_image image=\u00a0\u00bb22759&Prime; img_size=\u00a0\u00bbfull\u00a0\u00bb alignment=\u00a0\u00bbcenter\u00a0\u00bb onclick=\u00a0\u00bbcustom_link\u00a0\u00bb img_link_target=\u00a0\u00bb_blank\u00a0\u00bb qode_css_animation=\u00a0\u00bb\u00a0\u00bb link=\u00a0\u00bbhttp:\/\/ossherbrooke.com\/album-les-plaisirs-coupables\/\u00a0\u00bb][\/vc_column][vc_column width=\u00a0\u00bb3\/4&Prime;][vc_column_text]\n<h3>Orchestre symphonique de Sherbrooke<br \/>\n<em>Les plaisirs coupables<\/em><\/h3>\n<p>L&rsquo;ouverture olympique <a href=\"\/fr\/citius-altius-fortius\/\">Citius, altius, fortius!<\/a> figure sur l&rsquo;album\u00a0<a href=\"http:\/\/ossherbrooke.com\/album-les-plaisirs-coupables\/\" target=\"_blank\" rel=\"noopener noreferrer\">Les plaisirs coupables<\/a>\u00a0de l&rsquo;<a href=\"http:\/\/ossherbrooke.com\/\" target=\"_blank\" rel=\"noopener noreferrer\">Orchestre symphonique de Sherbrooke<\/a>,\u00a0sous la direction de maestro <a href=\"http:\/\/www.stephanelaforest.com\/\" target=\"_blank\" rel=\"noopener noreferrer\">Stephane Laforest<\/a>, publi\u00e9\u00a0en 2017.[\/vc_column_text][\/vc_column][\/vc_row][vc_row row_type=\u00a0\u00bbrow\u00a0\u00bb use_row_as_full_screen_section=\u00a0\u00bbno\u00a0\u00bb type=\u00a0\u00bbfull_width\u00a0\u00bb text_align=\u00a0\u00bbleft\u00a0\u00bb background_animation=\u00a0\u00bbnone\u00a0\u00bb][vc_column][vc_empty_space height=\u00a0\u00bb64px\u00a0\u00bb][\/vc_column][\/vc_row]\n","protected":false},"excerpt":{"rendered":"<p>[vc_row row_type=\u00a0\u00bbrow\u00a0\u00bb use_row_as_full_screen_section=\u00a0\u00bbno\u00a0\u00bb type=\u00a0\u00bbfull_width\u00a0\u00bb text_align=\u00a0\u00bbleft\u00a0\u00bb background_animation=\u00a0\u00bbnone\u00a0\u00bb][vc_column][vc_column_text css=\u00a0\u00bb.vc_custom_1494891445893{padding-top: 25px !important;padding-right: 25px !important;padding-bottom: 25px !important;padding-left: 25px !important;background-color: #f1f1f1 !important;}\u00a0\u00bb] Discographie Les compositions de Maxime Goulet ont \u00e9t\u00e9 enregistr\u00e9es et publi\u00e9es par divers ensemble, allant de la musique symphonique \u00e0 la musique de chambre.[\/vc_column_text][vc_empty_space][\/vc_column][\/vc_row][vc_row row_type=\u00a0\u00bbrow\u00a0\u00bb use_row_as_full_screen_section=\u00a0\u00bbno\u00a0\u00bb type=\u00a0\u00bbfull_width\u00a0\u00bb text_align=\u00a0\u00bbleft\u00a0\u00bb&#8230;<\/p>\n","protected":false},"author":1,"featured_media":0,"parent":0,"menu_order":0,"comment_status":"closed","ping_status":"closed","template":"","meta":[],"yoast_head":"<!-- This site is optimized with the Yoast SEO plugin v15.6.2 - https:\/\/yoast.com\/wordpress\/plugins\/seo\/ -->\n<title>Discographie - Maxime Goulet<\/title>\n<meta name=\"robots\" content=\"index, follow, max-snippet:-1, max-image-preview:large, max-video-preview:-1\" \/>\n<link rel=\"canonical\" href=\"http:\/\/maximegoulet.com\/fr\/discographie\/\" \/>\n<meta property=\"og:locale\" content=\"fr_FR\" \/>\n<meta property=\"og:type\" content=\"article\" \/>\n<meta property=\"og:title\" content=\"Discographie - Maxime Goulet\" \/>\n<meta property=\"og:description\" content=\"[vc_row row_type=\u00a0\u00bbrow\u00a0\u00bb use_row_as_full_screen_section=\u00a0\u00bbno\u00a0\u00bb type=\u00a0\u00bbfull_width\u00a0\u00bb text_align=\u00a0\u00bbleft\u00a0\u00bb background_animation=\u00a0\u00bbnone\u00a0\u00bb][vc_column][vc_column_text css=\u00a0\u00bb.vc_custom_1494891445893{padding-top: 25px !important;padding-right: 25px !important;padding-bottom: 25px !important;padding-left: 25px !important;background-color: #f1f1f1 !important;}\u00a0\u00bb] Discographie Les compositions de Maxime Goulet ont \u00e9t\u00e9 enregistr\u00e9es et publi\u00e9es par divers ensemble, allant de la musique symphonique \u00e0 la musique de chambre.[\/vc_column_text][vc_empty_space][\/vc_column][\/vc_row][vc_row row_type=\u00a0\u00bbrow\u00a0\u00bb use_row_as_full_screen_section=\u00a0\u00bbno\u00a0\u00bb type=\u00a0\u00bbfull_width\u00a0\u00bb text_align=\u00a0\u00bbleft\u00a0\u00bb...\" \/>\n<meta property=\"og:url\" content=\"http:\/\/maximegoulet.com\/fr\/discographie\/\" \/>\n<meta property=\"og:site_name\" content=\"Maxime Goulet\" \/>\n<meta property=\"article:modified_time\" content=\"2024-03-28T21:40:07+00:00\" \/>\n<meta name=\"twitter:card\" content=\"summary_large_image\" \/>\n<meta name=\"twitter:label1\" content=\"Dur\u00e9e de lecture est.\">\n\t<meta name=\"twitter:data1\" content=\"3 minutes\">\n<script type=\"application\/ld+json\" class=\"yoast-schema-graph\">{\"@context\":\"https:\/\/schema.org\",\"@graph\":[{\"@type\":\"WebSite\",\"@id\":\"https:\/\/maximegoulet.com\/#website\",\"url\":\"https:\/\/maximegoulet.com\/\",\"name\":\"Maxime Goulet\",\"description\":\"Classical Music &amp; Video Game Composer\",\"potentialAction\":[{\"@type\":\"SearchAction\",\"target\":\"https:\/\/maximegoulet.com\/?s={search_term_string}\",\"query-input\":\"required name=search_term_string\"}],\"inLanguage\":\"fr-FR\"},{\"@type\":\"WebPage\",\"@id\":\"http:\/\/maximegoulet.com\/fr\/discographie\/#webpage\",\"url\":\"http:\/\/maximegoulet.com\/fr\/discographie\/\",\"name\":\"Discographie - Maxime Goulet\",\"isPartOf\":{\"@id\":\"https:\/\/maximegoulet.com\/#website\"},\"datePublished\":\"2017-05-15T23:16:00+00:00\",\"dateModified\":\"2024-03-28T21:40:07+00:00\",\"inLanguage\":\"fr-FR\",\"potentialAction\":[{\"@type\":\"ReadAction\",\"target\":[\"http:\/\/maximegoulet.com\/fr\/discographie\/\"]}]}]}<\/script>\n<!-- \/ Yoast SEO plugin. -->","_links":{"self":[{"href":"https:\/\/maximegoulet.com\/fr\/wp-json\/wp\/v2\/pages\/22764"}],"collection":[{"href":"https:\/\/maximegoulet.com\/fr\/wp-json\/wp\/v2\/pages"}],"about":[{"href":"https:\/\/maximegoulet.com\/fr\/wp-json\/wp\/v2\/types\/page"}],"author":[{"embeddable":true,"href":"https:\/\/maximegoulet.com\/fr\/wp-json\/wp\/v2\/users\/1"}],"replies":[{"embeddable":true,"href":"https:\/\/maximegoulet.com\/fr\/wp-json\/wp\/v2\/comments?post=22764"}],"version-history":[{"count":20,"href":"https:\/\/maximegoulet.com\/fr\/wp-json\/wp\/v2\/pages\/22764\/revisions"}],"predecessor-version":[{"id":25867,"href":"https:\/\/maximegoulet.com\/fr\/wp-json\/wp\/v2\/pages\/22764\/revisions\/25867"}],"wp:attachment":[{"href":"https:\/\/maximegoulet.com\/fr\/wp-json\/wp\/v2\/media?parent=22764"}],"curies":[{"name":"wp","href":"https:\/\/api.w.org\/{rel}","templated":true}]}}